{"id":16159,"date":"2017-10-16T14:28:44","date_gmt":"2017-10-16T14:28:44","guid":{"rendered":"http:\/\/www.epsicu.com\/proyectos\/"},"modified":"2021-04-03T06:23:12","modified_gmt":"2021-04-03T06:23:12","slug":"projects","status":"publish","type":"page","link":"https:\/\/www.epsicu.com\/en\/projects\/","title":{"rendered":"Projects"},"content":{"rendered":"<p>[vc_row css_animation=&#8221;&#8221; row_type=&#8221;row&#8221; use_row_as_full_screen_section=&#8221;no&#8221; type=&#8221;grid&#8221; angled_section=&#8221;no&#8221; text_align=&#8221;left&#8221; background_image_as_pattern=&#8221;without_pattern&#8221; padding_top=&#8221;60&#8243; padding_bottom=&#8221;35&#8243; css=&#8221;.vc_custom_1616243943325{padding-top: 25px !important;padding-bottom: 25px !important;}&#8221; z_index=&#8221;&#8221;][vc_column][vc_column_text]<\/p>\n<h3>UNIQUE PROJECTS<\/h3>\n<p>[\/vc_column_text][vc_empty_space]<div class='projects_holder_outer v3 portfolio_with_space portfolio_standard'>\n        <div class='projects_holder portfolio_main_holder clearfix v3 standard portfolio_landscape_image '>\n        \n        <article class='mix portfolio_category_175 default' style=''>\n    \n    \n    \n                <div class='image_holder'>\n                <a itemprop='url' class='portfolio_link_for_touch' href='https:\/\/www.epsicu.com\/en\/portfolio_page\/villa-jannah-en-la-marina-alta\/' target=''>\n                    \n<span class='image'><img width=\"800\" height=\"600\" src=\"https:\/\/www.epsicu.com\/wp-content\/uploads\/2024\/10\/villa-jannah-marina-alta-800x600.png\" class=\"attachment-portfolio-landscape size-portfolio-landscape wp-post-image\" alt=\"\" loading=\"lazy\" \/><\/span>                <\/a>\n\n                <span class='text_holder'>\n    <span class='text_outer'>\n        <span class='text_inner'>\n            <span class='feature_holder'>\n                            <span class=\"feature_holder_icons\">';\n                            <a itemprop='image' class='lightbox qbutton small white' title='Ville Jannah in Marina Alta' href='https:\/\/www.epsicu.com\/wp-content\/uploads\/2024\/10\/villa-jannah-marina-alta.png' data-rel='prettyPhoto[pretty_photo_gallery]'>zoom<\/a>\n    \n                            <a itemprop='url' class='preview qbutton small white' href='https:\/\/www.epsicu.com\/en\/portfolio_page\/villa-jannah-en-la-marina-alta\/' target='_self'>view<\/i><\/a>\n    \n                                            <\/span>\n        <\/span>\n    <\/span>\n<\/span>            <\/div>\n                <div class='portfolio_description text_align_center' style=background-color:#f9f9f9;'>\n\n        \n    <h5 itemprop=\"name\" class=\"portfolio_title entry_title\"><a itemprop=\"url\" href=\"https:\/\/www.epsicu.com\/en\/portfolio_page\/villa-jannah-en-la-marina-alta\/\"  target=\"_self\"> Ville Jannah in Marina Alta<\/a><\/h5>\n\n\n        \n        \n    <\/div>\n        \n<\/article>\n<article class='mix portfolio_category_175 default' style=''>\n    \n    \n    \n                <div class='image_holder'>\n                <a itemprop='url' class='portfolio_link_for_touch' href='https:\/\/www.epsicu.com\/en\/portfolio_page\/residential-las-lomas-de-denia\/' target=''>\n                    \n<span class='image'><img width=\"800\" height=\"600\" src=\"https:\/\/www.epsicu.com\/wp-content\/uploads\/2019\/12\/43-800x600.jpg\" class=\"attachment-portfolio-landscape size-portfolio-landscape wp-post-image\" alt=\"\" loading=\"lazy\" \/><\/span>                <\/a>\n\n                <span class='text_holder'>\n    <span class='text_outer'>\n        <span class='text_inner'>\n            <span class='feature_holder'>\n                            <span class=\"feature_holder_icons\">';\n                            <a itemprop='image' class='lightbox qbutton small white' title='Residential Las Lomas de D\u00e9nia at D\u00e9nia (Alicante)' href='https:\/\/www.epsicu.com\/wp-content\/uploads\/2019\/12\/43-scaled.jpg' data-rel='prettyPhoto[pretty_photo_gallery]'>zoom<\/a>\n    \n                            <a itemprop='url' class='preview qbutton small white' href='https:\/\/www.epsicu.com\/en\/portfolio_page\/residential-las-lomas-de-denia\/' target='_self'>view<\/i><\/a>\n    \n                                            <\/span>\n        <\/span>\n    <\/span>\n<\/span>            <\/div>\n                <div class='portfolio_description text_align_center' style=background-color:#f9f9f9;'>\n\n        \n    <h5 itemprop=\"name\" class=\"portfolio_title entry_title\"><a itemprop=\"url\" href=\"https:\/\/www.epsicu.com\/en\/portfolio_page\/residential-las-lomas-de-denia\/\"  target=\"_self\"> Residential Las Lomas de D\u00e9nia at D\u00e9nia (Alicante)<\/a><\/h5>\n\n\n        \n        \n    <\/div>\n        \n<\/article>\n        <div class='filler'><\/div>\n            <div class='filler'><\/div>\n            <div class='filler'><\/div>\n        <\/div>\n\n    \n    <\/div>[\/vc_column][\/vc_row][vc_row css_animation=&#8221;&#8221; row_type=&#8221;row&#8221; use_row_as_full_screen_section=&#8221;no&#8221; type=&#8221;grid&#8221; angled_section=&#8221;no&#8221; text_align=&#8221;left&#8221; background_image_as_pattern=&#8221;without_pattern&#8221; padding_top=&#8221;60&#8243; padding_bottom=&#8221;35&#8243;][vc_column css=&#8221;.vc_custom_1616243953260{padding-top: 25px !important;padding-bottom: 25px !important;}&#8221;][vc_column_text]<\/p>\n<h3>BUILDING PROJECTS<\/h3>\n<p>[\/vc_column_text][vc_empty_space]<div class='projects_holder_outer v3 portfolio_with_space portfolio_standard'>\n        <div class='projects_holder portfolio_main_holder clearfix v3 standard portfolio_landscape_image '>\n        \n        <article class='mix portfolio_category_150 default' style=''>\n    \n    \n    \n                <div class='image_holder'>\n                <a itemprop='url' class='portfolio_link_for_touch' href='https:\/\/www.epsicu.com\/en\/portfolio_page\/residential-segaria-denia\/' target=''>\n                    \n<span class='image'><img width=\"800\" height=\"600\" src=\"https:\/\/www.epsicu.com\/wp-content\/uploads\/2019\/12\/17-3-800x600.jpg\" class=\"attachment-portfolio-landscape size-portfolio-landscape wp-post-image\" alt=\"\" loading=\"lazy\" srcset=\"https:\/\/www.epsicu.com\/wp-content\/uploads\/2019\/12\/17-3-800x600.jpg 800w, https:\/\/www.epsicu.com\/wp-content\/uploads\/2019\/12\/17-3-600x450.jpg 600w, https:\/\/www.epsicu.com\/wp-content\/uploads\/2019\/12\/17-3-300x225.jpg 300w, https:\/\/www.epsicu.com\/wp-content\/uploads\/2019\/12\/17-3-768x576.jpg 768w, https:\/\/www.epsicu.com\/wp-content\/uploads\/2019\/12\/17-3-1024x768.jpg 1024w, https:\/\/www.epsicu.com\/wp-content\/uploads\/2019\/12\/17-3-700x525.jpg 700w, https:\/\/www.epsicu.com\/wp-content\/uploads\/2019\/12\/17-3.jpg 1600w\" sizes=\"(max-width: 800px) 100vw, 800px\" \/><\/span>                <\/a>\n\n                <span class='text_holder'>\n    <span class='text_outer'>\n        <span class='text_inner'>\n            <span class='feature_holder'>\n                            <span class=\"feature_holder_icons\">';\n                            <a itemprop='image' class='lightbox qbutton small white' title='Private urbanization of Residential Segaria in D\u00e9nia (Alicante)' href='https:\/\/www.epsicu.com\/wp-content\/uploads\/2019\/12\/17-3.jpg' data-rel='prettyPhoto[pretty_photo_gallery]'>zoom<\/a>\n    \n                            <a itemprop='url' class='preview qbutton small white' href='https:\/\/www.epsicu.com\/en\/portfolio_page\/residential-segaria-denia\/' target='_self'>view<\/i><\/a>\n    \n                                            <\/span>\n        <\/span>\n    <\/span>\n<\/span>            <\/div>\n                <div class='portfolio_description text_align_center' style=background-color:#f9f9f9;'>\n\n        \n    <h5 itemprop=\"name\" class=\"portfolio_title entry_title\"><a itemprop=\"url\" href=\"https:\/\/www.epsicu.com\/en\/portfolio_page\/residential-segaria-denia\/\"  target=\"_self\"> Private urbanization of Residential Segaria in D\u00e9nia (Alicante)<\/a><\/h5>\n\n\n        \n        \n    <\/div>\n        \n<\/article>\n<article class='mix portfolio_category_150 default' style=''>\n    \n    \n    \n                <div class='image_holder'>\n                <a itemprop='url' class='portfolio_link_for_touch' href='https:\/\/www.epsicu.com\/en\/portfolio_page\/residential-santa-ana\/' target=''>\n                    \n<span class='image'><img width=\"800\" height=\"600\" src=\"https:\/\/www.epsicu.com\/wp-content\/uploads\/2019\/12\/13-5-800x600.jpg\" class=\"attachment-portfolio-landscape size-portfolio-landscape wp-post-image\" alt=\"\" loading=\"lazy\" srcset=\"https:\/\/www.epsicu.com\/wp-content\/uploads\/2019\/12\/13-5-800x600.jpg 800w, https:\/\/www.epsicu.com\/wp-content\/uploads\/2019\/12\/13-5-600x450.jpg 600w, https:\/\/www.epsicu.com\/wp-content\/uploads\/2019\/12\/13-5-300x225.jpg 300w, https:\/\/www.epsicu.com\/wp-content\/uploads\/2019\/12\/13-5-768x576.jpg 768w, https:\/\/www.epsicu.com\/wp-content\/uploads\/2019\/12\/13-5-1024x768.jpg 1024w, https:\/\/www.epsicu.com\/wp-content\/uploads\/2019\/12\/13-5-700x525.jpg 700w, https:\/\/www.epsicu.com\/wp-content\/uploads\/2019\/12\/13-5.jpg 1600w\" sizes=\"(max-width: 800px) 100vw, 800px\" \/><\/span>                <\/a>\n\n                <span class='text_holder'>\n    <span class='text_outer'>\n        <span class='text_inner'>\n            <span class='feature_holder'>\n                            <span class=\"feature_holder_icons\">';\n                            <a itemprop='image' class='lightbox qbutton small white' title='Private urbanization of Residential  Santa Ana in D\u00e9nia (Alicante)' href='https:\/\/www.epsicu.com\/wp-content\/uploads\/2019\/12\/13-5.jpg' data-rel='prettyPhoto[pretty_photo_gallery]'>zoom<\/a>\n    \n                            <a itemprop='url' class='preview qbutton small white' href='https:\/\/www.epsicu.com\/en\/portfolio_page\/residential-santa-ana\/' target='_self'>view<\/i><\/a>\n    \n                                            <\/span>\n        <\/span>\n    <\/span>\n<\/span>            <\/div>\n                <div class='portfolio_description text_align_center' style=background-color:#f9f9f9;'>\n\n        \n    <h5 itemprop=\"name\" class=\"portfolio_title entry_title\"><a itemprop=\"url\" href=\"https:\/\/www.epsicu.com\/en\/portfolio_page\/residential-santa-ana\/\"  target=\"_self\"> Private urbanization of Residential  Santa Ana in D\u00e9nia (Alicante)<\/a><\/h5>\n\n\n        \n        \n    <\/div>\n        \n<\/article>\n<article class='mix portfolio_category_150 default' style=''>\n    \n    \n    \n                <div class='image_holder'>\n                <a itemprop='url' class='portfolio_link_for_touch' href='https:\/\/www.epsicu.com\/en\/portfolio_page\/urbanizationl-rabdells\/' target=''>\n                    \n<span class='image'><img width=\"800\" height=\"600\" src=\"https:\/\/www.epsicu.com\/wp-content\/uploads\/2019\/12\/18-1-800x600.jpg\" class=\"attachment-portfolio-landscape size-portfolio-landscape wp-post-image\" alt=\"\" loading=\"lazy\" srcset=\"https:\/\/www.epsicu.com\/wp-content\/uploads\/2019\/12\/18-1-800x600.jpg 800w, https:\/\/www.epsicu.com\/wp-content\/uploads\/2019\/12\/18-1-600x450.jpg 600w, https:\/\/www.epsicu.com\/wp-content\/uploads\/2019\/12\/18-1-300x225.jpg 300w, https:\/\/www.epsicu.com\/wp-content\/uploads\/2019\/12\/18-1-768x576.jpg 768w, https:\/\/www.epsicu.com\/wp-content\/uploads\/2019\/12\/18-1.jpg 1024w, https:\/\/www.epsicu.com\/wp-content\/uploads\/2019\/12\/18-1-700x525.jpg 700w\" sizes=\"(max-width: 800px) 100vw, 800px\" \/><\/span>                <\/a>\n\n                <span class='text_holder'>\n    <span class='text_outer'>\n        <span class='text_inner'>\n            <span class='feature_holder'>\n                            <span class=\"feature_holder_icons\">';\n                            <a itemprop='image' class='lightbox qbutton small white' title='Private urbanization of Residential l Rabdells at Oliva (Valencia)' href='https:\/\/www.epsicu.com\/wp-content\/uploads\/2019\/12\/18-1.jpg' data-rel='prettyPhoto[pretty_photo_gallery]'>zoom<\/a>\n    \n                            <a itemprop='url' class='preview qbutton small white' href='https:\/\/www.epsicu.com\/en\/portfolio_page\/urbanizationl-rabdells\/' target='_self'>view<\/i><\/a>\n    \n                                            <\/span>\n        <\/span>\n    <\/span>\n<\/span>            <\/div>\n                <div class='portfolio_description text_align_center' style=background-color:#f9f9f9;'>\n\n        \n    <h5 itemprop=\"name\" class=\"portfolio_title entry_title\"><a itemprop=\"url\" href=\"https:\/\/www.epsicu.com\/en\/portfolio_page\/urbanizationl-rabdells\/\"  target=\"_self\"> Private urbanization of Residential l Rabdells at Oliva (Valencia)<\/a><\/h5>\n\n\n        \n        \n    <\/div>\n        \n<\/article>\n<article class='mix portfolio_category_150 default' style=''>\n    \n    \n    \n                <div class='image_holder'>\n                <a itemprop='url' class='portfolio_link_for_touch' href='https:\/\/www.epsicu.com\/en\/portfolio_page\/house-la-sort\/' target=''>\n                    \n<span class='image'><img width=\"800\" height=\"600\" src=\"https:\/\/www.epsicu.com\/wp-content\/uploads\/2019\/12\/4-8-800x600.jpg\" class=\"attachment-portfolio-landscape size-portfolio-landscape wp-post-image\" alt=\"\" loading=\"lazy\" srcset=\"https:\/\/www.epsicu.com\/wp-content\/uploads\/2019\/12\/4-8-800x600.jpg 800w, https:\/\/www.epsicu.com\/wp-content\/uploads\/2019\/12\/4-8-600x450.jpg 600w, https:\/\/www.epsicu.com\/wp-content\/uploads\/2019\/12\/4-8-300x225.jpg 300w, https:\/\/www.epsicu.com\/wp-content\/uploads\/2019\/12\/4-8-768x576.jpg 768w, https:\/\/www.epsicu.com\/wp-content\/uploads\/2019\/12\/4-8.jpg 1024w, https:\/\/www.epsicu.com\/wp-content\/uploads\/2019\/12\/4-8-700x525.jpg 700w\" sizes=\"(max-width: 800px) 100vw, 800px\" \/><\/span>                <\/a>\n\n                <span class='text_holder'>\n    <span class='text_outer'>\n        <span class='text_inner'>\n            <span class='feature_holder'>\n                            <span class=\"feature_holder_icons\">';\n                            <a itemprop='image' class='lightbox qbutton small white' title='House La Sort' href='https:\/\/www.epsicu.com\/wp-content\/uploads\/2019\/12\/4-8.jpg' data-rel='prettyPhoto[pretty_photo_gallery]'>zoom<\/a>\n    \n                            <a itemprop='url' class='preview qbutton small white' href='https:\/\/www.epsicu.com\/en\/portfolio_page\/house-la-sort\/' target='_self'>view<\/i><\/a>\n    \n                                            <\/span>\n        <\/span>\n    <\/span>\n<\/span>            <\/div>\n                <div class='portfolio_description text_align_center' style=background-color:#f9f9f9;'>\n\n        \n    <h5 itemprop=\"name\" class=\"portfolio_title entry_title\"><a itemprop=\"url\" href=\"https:\/\/www.epsicu.com\/en\/portfolio_page\/house-la-sort\/\"  target=\"_self\"> House La Sort<\/a><\/h5>\n\n\n        \n        \n    <\/div>\n        \n<\/article>\n<article class='mix portfolio_category_150 default' style=''>\n    \n    \n    \n                <div class='image_holder'>\n                <a itemprop='url' class='portfolio_link_for_touch' href='https:\/\/www.epsicu.com\/en\/portfolio_page\/urbanization-and-conditioning-of-plot-in-denia\/' target=''>\n                    \n<span class='image'><img width=\"800\" height=\"600\" src=\"https:\/\/www.epsicu.com\/wp-content\/uploads\/2019\/12\/13-3-800x600.jpg\" class=\"attachment-portfolio-landscape size-portfolio-landscape wp-post-image\" alt=\"\" loading=\"lazy\" srcset=\"https:\/\/www.epsicu.com\/wp-content\/uploads\/2019\/12\/13-3-800x600.jpg 800w, https:\/\/www.epsicu.com\/wp-content\/uploads\/2019\/12\/13-3-600x450.jpg 600w, https:\/\/www.epsicu.com\/wp-content\/uploads\/2019\/12\/13-3-300x225.jpg 300w, https:\/\/www.epsicu.com\/wp-content\/uploads\/2019\/12\/13-3-768x576.jpg 768w, https:\/\/www.epsicu.com\/wp-content\/uploads\/2019\/12\/13-3.jpg 1024w, https:\/\/www.epsicu.com\/wp-content\/uploads\/2019\/12\/13-3-700x525.jpg 700w\" sizes=\"(max-width: 800px) 100vw, 800px\" \/><\/span>                <\/a>\n\n                <span class='text_holder'>\n    <span class='text_outer'>\n        <span class='text_inner'>\n            <span class='feature_holder'>\n                            <span class=\"feature_holder_icons\">';\n                            <a itemprop='image' class='lightbox qbutton small white' title='Urbanization and conditioning of plot in D\u00e9nia' href='https:\/\/www.epsicu.com\/wp-content\/uploads\/2019\/12\/13-3.jpg' data-rel='prettyPhoto[pretty_photo_gallery]'>zoom<\/a>\n    \n                            <a itemprop='url' class='preview qbutton small white' href='https:\/\/www.epsicu.com\/en\/portfolio_page\/urbanization-and-conditioning-of-plot-in-denia\/' target='_self'>view<\/i><\/a>\n    \n                                            <\/span>\n        <\/span>\n    <\/span>\n<\/span>            <\/div>\n                <div class='portfolio_description text_align_center' style=background-color:#f9f9f9;'>\n\n        \n    <h5 itemprop=\"name\" class=\"portfolio_title entry_title\"><a itemprop=\"url\" href=\"https:\/\/www.epsicu.com\/en\/portfolio_page\/urbanization-and-conditioning-of-plot-in-denia\/\"  target=\"_self\"> Urbanization and conditioning of plot in D\u00e9nia<\/a><\/h5>\n\n\n        \n        \n    <\/div>\n        \n<\/article>\n<article class='mix portfolio_category_150 default' style=''>\n    \n    \n    \n                <div class='image_holder'>\n                <a itemprop='url' class='portfolio_link_for_touch' href='https:\/\/www.epsicu.com\/en\/portfolio_page\/urbanizationl-rincon-de-denia\/' target=''>\n                    \n<span class='image'><img width=\"800\" height=\"600\" src=\"https:\/\/www.epsicu.com\/wp-content\/uploads\/2019\/12\/19-800x600.jpg\" class=\"attachment-portfolio-landscape size-portfolio-landscape wp-post-image\" alt=\"\" loading=\"lazy\" srcset=\"https:\/\/www.epsicu.com\/wp-content\/uploads\/2019\/12\/19-800x600.jpg 800w, https:\/\/www.epsicu.com\/wp-content\/uploads\/2019\/12\/19-600x450.jpg 600w, https:\/\/www.epsicu.com\/wp-content\/uploads\/2019\/12\/19-300x225.jpg 300w, https:\/\/www.epsicu.com\/wp-content\/uploads\/2019\/12\/19-768x576.jpg 768w, https:\/\/www.epsicu.com\/wp-content\/uploads\/2019\/12\/19.jpg 1024w, https:\/\/www.epsicu.com\/wp-content\/uploads\/2019\/12\/19-700x525.jpg 700w\" sizes=\"(max-width: 800px) 100vw, 800px\" \/><\/span>                <\/a>\n\n                <span class='text_holder'>\n    <span class='text_outer'>\n        <span class='text_inner'>\n            <span class='feature_holder'>\n                            <span class=\"feature_holder_icons\">';\n                            <a itemprop='image' class='lightbox qbutton small white' title='Private Urbanization Residential Rinc\u00f3n de D\u00e9nia' href='https:\/\/www.epsicu.com\/wp-content\/uploads\/2019\/12\/19.jpg' data-rel='prettyPhoto[pretty_photo_gallery]'>zoom<\/a>\n    \n                            <a itemprop='url' class='preview qbutton small white' href='https:\/\/www.epsicu.com\/en\/portfolio_page\/urbanizationl-rincon-de-denia\/' target='_self'>view<\/i><\/a>\n    \n                                            <\/span>\n        <\/span>\n    <\/span>\n<\/span>            <\/div>\n                <div class='portfolio_description text_align_center' style=background-color:#f9f9f9;'>\n\n        \n    <h5 itemprop=\"name\" class=\"portfolio_title entry_title\"><a itemprop=\"url\" href=\"https:\/\/www.epsicu.com\/en\/portfolio_page\/urbanizationl-rincon-de-denia\/\"  target=\"_self\"> Private Urbanization Residential Rinc\u00f3n de D\u00e9nia<\/a><\/h5>\n\n\n        \n        \n    <\/div>\n        \n<\/article>\n        <div class='filler'><\/div>\n            <div class='filler'><\/div>\n            <div class='filler'><\/div>\n        <\/div>\n\n    \n    <\/div>[\/vc_column][\/vc_row][vc_row css_animation=&#8221;&#8221; row_type=&#8221;row&#8221; use_row_as_full_screen_section=&#8221;no&#8221; type=&#8221;grid&#8221; angled_section=&#8221;no&#8221; text_align=&#8221;left&#8221; background_image_as_pattern=&#8221;without_pattern&#8221; padding_top=&#8221;60&#8243; padding_bottom=&#8221;35&#8243;][vc_column css=&#8221;.vc_custom_1616243966460{padding-top: 25px !important;padding-bottom: 25px !important;}&#8221;][vc_column_text]<\/p>\n<h3>CIVIL WORKS<\/h3>\n<p>[\/vc_column_text][vc_empty_space]<div class='projects_holder_outer v3 portfolio_with_space portfolio_standard'>\n        <div class='projects_holder portfolio_main_holder clearfix v3 standard portfolio_landscape_image '>\n        \n        <article class='mix portfolio_category_148 default' style=''>\n    \n    \n    \n                <div class='image_holder'>\n                <a itemprop='url' class='portfolio_link_for_touch' href='https:\/\/www.epsicu.com\/en\/portfolio_page\/redevelopment-access-sports-centre-denia\/' target=''>\n                    \n<span class='image'><img width=\"717\" height=\"576\" src=\"https:\/\/www.epsicu.com\/wp-content\/uploads\/2019\/12\/polideportivo.jpg\" class=\"attachment-portfolio-landscape size-portfolio-landscape wp-post-image\" alt=\"\" loading=\"lazy\" srcset=\"https:\/\/www.epsicu.com\/wp-content\/uploads\/2019\/12\/polideportivo.jpg 717w, https:\/\/www.epsicu.com\/wp-content\/uploads\/2019\/12\/polideportivo-600x482.jpg 600w, https:\/\/www.epsicu.com\/wp-content\/uploads\/2019\/12\/polideportivo-300x240.jpg 300w, https:\/\/www.epsicu.com\/wp-content\/uploads\/2019\/12\/polideportivo-700x562.jpg 700w\" sizes=\"(max-width: 717px) 100vw, 717px\" \/><\/span>                <\/a>\n\n                <span class='text_holder'>\n    <span class='text_outer'>\n        <span class='text_inner'>\n            <span class='feature_holder'>\n                            <span class=\"feature_holder_icons\">';\n                            <a itemprop='image' class='lightbox qbutton small white' title='Redevelopment of Access to the Sports Center of D\u00e9nia (Alicante)' href='https:\/\/www.epsicu.com\/wp-content\/uploads\/2019\/12\/polideportivo.jpg' data-rel='prettyPhoto[pretty_photo_gallery]'>zoom<\/a>\n    \n                            <a itemprop='url' class='preview qbutton small white' href='https:\/\/www.epsicu.com\/en\/portfolio_page\/redevelopment-access-sports-centre-denia\/' target='_self'>view<\/i><\/a>\n    \n                                            <\/span>\n        <\/span>\n    <\/span>\n<\/span>            <\/div>\n                <div class='portfolio_description text_align_center' style=background-color:#f9f9f9;'>\n\n        \n    <h5 itemprop=\"name\" class=\"portfolio_title entry_title\"><a itemprop=\"url\" href=\"https:\/\/www.epsicu.com\/en\/portfolio_page\/redevelopment-access-sports-centre-denia\/\"  target=\"_self\"> Redevelopment of Access to the Sports Center of D\u00e9nia (Alicante)<\/a><\/h5>\n\n\n        \n        \n    <\/div>\n        \n<\/article>\n<article class='mix portfolio_category_148 default' style=''>\n    \n    \n    \n                <div class='image_holder'>\n                <a itemprop='url' class='portfolio_link_for_touch' href='https:\/\/www.epsicu.com\/en\/portfolio_page\/reurbanizacion-calle-magallanes\/' target=''>\n                    \n<span class='image'><img width=\"800\" height=\"600\" src=\"https:\/\/www.epsicu.com\/wp-content\/uploads\/2019\/12\/7-13-800x600.jpg\" class=\"attachment-portfolio-landscape size-portfolio-landscape wp-post-image\" alt=\"\" loading=\"lazy\" srcset=\"https:\/\/www.epsicu.com\/wp-content\/uploads\/2019\/12\/7-13-800x600.jpg 800w, https:\/\/www.epsicu.com\/wp-content\/uploads\/2019\/12\/7-13-600x450.jpg 600w, https:\/\/www.epsicu.com\/wp-content\/uploads\/2019\/12\/7-13-300x225.jpg 300w, https:\/\/www.epsicu.com\/wp-content\/uploads\/2019\/12\/7-13-768x576.jpg 768w, https:\/\/www.epsicu.com\/wp-content\/uploads\/2019\/12\/7-13-1024x768.jpg 1024w, https:\/\/www.epsicu.com\/wp-content\/uploads\/2019\/12\/7-13-700x525.jpg 700w, https:\/\/www.epsicu.com\/wp-content\/uploads\/2019\/12\/7-13.jpg 1600w\" sizes=\"(max-width: 800px) 100vw, 800px\" \/><\/span>                <\/a>\n\n                <span class='text_holder'>\n    <span class='text_outer'>\n        <span class='text_inner'>\n            <span class='feature_holder'>\n                            <span class=\"feature_holder_icons\">';\n                            <a itemprop='image' class='lightbox qbutton small white' title='Redevelopment Calle Magallanes at D\u00e9nia (Alicante)' href='https:\/\/www.epsicu.com\/wp-content\/uploads\/2019\/12\/7-13.jpg' data-rel='prettyPhoto[pretty_photo_gallery]'>zoom<\/a>\n    \n                            <a itemprop='url' class='preview qbutton small white' href='https:\/\/www.epsicu.com\/en\/portfolio_page\/reurbanizacion-calle-magallanes\/' target='_self'>view<\/i><\/a>\n    \n                                            <\/span>\n        <\/span>\n    <\/span>\n<\/span>            <\/div>\n                <div class='portfolio_description text_align_center' style=background-color:#f9f9f9;'>\n\n        \n    <h5 itemprop=\"name\" class=\"portfolio_title entry_title\"><a itemprop=\"url\" href=\"https:\/\/www.epsicu.com\/en\/portfolio_page\/reurbanizacion-calle-magallanes\/\"  target=\"_self\"> Redevelopment Calle Magallanes at D\u00e9nia (Alicante)<\/a><\/h5>\n\n\n        \n        \n    <\/div>\n        \n<\/article>\n<article class='mix portfolio_category_148 default' style=''>\n    \n    \n    \n                <div class='image_holder'>\n                <a itemprop='url' class='portfolio_link_for_touch' href='https:\/\/www.epsicu.com\/en\/portfolio_page\/redevelopment-plaza-constitucion\/' target=''>\n                    \n<span class='image'><img width=\"800\" height=\"600\" src=\"https:\/\/www.epsicu.com\/wp-content\/uploads\/2019\/12\/12-8-800x600.jpg\" class=\"attachment-portfolio-landscape size-portfolio-landscape wp-post-image\" alt=\"\" loading=\"lazy\" srcset=\"https:\/\/www.epsicu.com\/wp-content\/uploads\/2019\/12\/12-8-800x600.jpg 800w, https:\/\/www.epsicu.com\/wp-content\/uploads\/2019\/12\/12-8-600x450.jpg 600w, https:\/\/www.epsicu.com\/wp-content\/uploads\/2019\/12\/12-8-300x225.jpg 300w, https:\/\/www.epsicu.com\/wp-content\/uploads\/2019\/12\/12-8-768x576.jpg 768w, https:\/\/www.epsicu.com\/wp-content\/uploads\/2019\/12\/12-8-1024x768.jpg 1024w, https:\/\/www.epsicu.com\/wp-content\/uploads\/2019\/12\/12-8-700x525.jpg 700w, https:\/\/www.epsicu.com\/wp-content\/uploads\/2019\/12\/12-8.jpg 1250w\" sizes=\"(max-width: 800px) 100vw, 800px\" \/><\/span>                <\/a>\n\n                <span class='text_holder'>\n    <span class='text_outer'>\n        <span class='text_inner'>\n            <span class='feature_holder'>\n                            <span class=\"feature_holder_icons\">';\n                            <a itemprop='image' class='lightbox qbutton small white' title='Redevelopment of Plaza de la Constitucion , Plaza del Consell , Calle La Mar and  Tunnel Under the Castle at Denia  (Alicante)' href='https:\/\/www.epsicu.com\/wp-content\/uploads\/2019\/12\/12-8.jpg' data-rel='prettyPhoto[pretty_photo_gallery]'>zoom<\/a>\n    \n                            <a itemprop='url' class='preview qbutton small white' href='https:\/\/www.epsicu.com\/en\/portfolio_page\/redevelopment-plaza-constitucion\/' target='_self'>view<\/i><\/a>\n    \n                                            <\/span>\n        <\/span>\n    <\/span>\n<\/span>            <\/div>\n                <div class='portfolio_description text_align_center' style=background-color:#f9f9f9;'>\n\n        \n    <h5 itemprop=\"name\" class=\"portfolio_title entry_title\"><a itemprop=\"url\" href=\"https:\/\/www.epsicu.com\/en\/portfolio_page\/redevelopment-plaza-constitucion\/\"  target=\"_self\"> Redevelopment of Plaza de la Constitucion , Plaza del Consell , Calle La Mar and  Tunnel Under the Castle at Denia  (Alicante)<\/a><\/h5>\n\n\n        \n        \n    <\/div>\n        \n<\/article>\n<article class='mix portfolio_category_148 default' style=''>\n    \n    \n    \n                <div class='image_holder'>\n                <a itemprop='url' class='portfolio_link_for_touch' href='https:\/\/www.epsicu.com\/en\/portfolio_page\/cami-vell-gandia-denia\/' target=''>\n                    \n<span class='image'><img width=\"800\" height=\"600\" src=\"https:\/\/www.epsicu.com\/wp-content\/uploads\/2019\/12\/21-1-800x600.jpg\" class=\"attachment-portfolio-landscape size-portfolio-landscape wp-post-image\" alt=\"\" loading=\"lazy\" srcset=\"https:\/\/www.epsicu.com\/wp-content\/uploads\/2019\/12\/21-1-800x600.jpg 800w, https:\/\/www.epsicu.com\/wp-content\/uploads\/2019\/12\/21-1-600x450.jpg 600w, https:\/\/www.epsicu.com\/wp-content\/uploads\/2019\/12\/21-1-300x225.jpg 300w, https:\/\/www.epsicu.com\/wp-content\/uploads\/2019\/12\/21-1-768x576.jpg 768w, https:\/\/www.epsicu.com\/wp-content\/uploads\/2019\/12\/21-1-1024x768.jpg 1024w, https:\/\/www.epsicu.com\/wp-content\/uploads\/2019\/12\/21-1-700x525.jpg 700w, https:\/\/www.epsicu.com\/wp-content\/uploads\/2019\/12\/21-1.jpg 1600w\" sizes=\"(max-width: 800px) 100vw, 800px\" \/><\/span>                <\/a>\n\n                <span class='text_holder'>\n    <span class='text_outer'>\n        <span class='text_inner'>\n            <span class='feature_holder'>\n                            <span class=\"feature_holder_icons\">';\n                            <a itemprop='image' class='lightbox qbutton small white' title='Urbanization Roads Cam\u00ed Vell from Gand\u00eda to D\u00e9nia &#8211; Cam\u00ed del Bassot in D\u00e9nia (Alicante)' href='https:\/\/www.epsicu.com\/wp-content\/uploads\/2019\/12\/21-1.jpg' data-rel='prettyPhoto[pretty_photo_gallery]'>zoom<\/a>\n    \n                            <a itemprop='url' class='preview qbutton small white' href='https:\/\/www.epsicu.com\/en\/portfolio_page\/cami-vell-gandia-denia\/' target='_self'>view<\/i><\/a>\n    \n                                            <\/span>\n        <\/span>\n    <\/span>\n<\/span>            <\/div>\n                <div class='portfolio_description text_align_center' style=background-color:#f9f9f9;'>\n\n        \n    <h5 itemprop=\"name\" class=\"portfolio_title entry_title\"><a itemprop=\"url\" href=\"https:\/\/www.epsicu.com\/en\/portfolio_page\/cami-vell-gandia-denia\/\"  target=\"_self\"> Urbanization Roads Cam\u00ed Vell from Gand\u00eda to D\u00e9nia &#8211; Cam\u00ed del Bassot in D\u00e9nia (Alicante)<\/a><\/h5>\n\n\n        \n        \n    <\/div>\n        \n<\/article>\n<article class='mix portfolio_category_148 default' style=''>\n    \n    \n    \n                <div class='image_holder'>\n                <a itemprop='url' class='portfolio_link_for_touch' href='https:\/\/www.epsicu.com\/en\/portfolio_page\/urbanization-cami-les-bases\/' target=''>\n                    \n<span class='image'><img width=\"800\" height=\"600\" src=\"https:\/\/www.epsicu.com\/wp-content\/uploads\/2019\/12\/10-8-800x600.jpg\" class=\"attachment-portfolio-landscape size-portfolio-landscape wp-post-image\" alt=\"\" loading=\"lazy\" srcset=\"https:\/\/www.epsicu.com\/wp-content\/uploads\/2019\/12\/10-8-800x600.jpg 800w, https:\/\/www.epsicu.com\/wp-content\/uploads\/2019\/12\/10-8-600x450.jpg 600w, https:\/\/www.epsicu.com\/wp-content\/uploads\/2019\/12\/10-8-300x225.jpg 300w, https:\/\/www.epsicu.com\/wp-content\/uploads\/2019\/12\/10-8-768x576.jpg 768w, https:\/\/www.epsicu.com\/wp-content\/uploads\/2019\/12\/10-8-1024x768.jpg 1024w, https:\/\/www.epsicu.com\/wp-content\/uploads\/2019\/12\/10-8-700x525.jpg 700w, https:\/\/www.epsicu.com\/wp-content\/uploads\/2019\/12\/10-8.jpg 1600w\" sizes=\"(max-width: 800px) 100vw, 800px\" \/><\/span>                <\/a>\n\n                <span class='text_holder'>\n    <span class='text_outer'>\n        <span class='text_inner'>\n            <span class='feature_holder'>\n                            <span class=\"feature_holder_icons\">';\n                            <a itemprop='image' class='lightbox qbutton small white' title='Urbanization Cam\u00ed les Bases at Jes\u00fas Pobre &#8211; D\u00e9nia (Alicante)' href='https:\/\/www.epsicu.com\/wp-content\/uploads\/2019\/12\/10-8.jpg' data-rel='prettyPhoto[pretty_photo_gallery]'>zoom<\/a>\n    \n                            <a itemprop='url' class='preview qbutton small white' href='https:\/\/www.epsicu.com\/en\/portfolio_page\/urbanization-cami-les-bases\/' target='_self'>view<\/i><\/a>\n    \n                                            <\/span>\n        <\/span>\n    <\/span>\n<\/span>            <\/div>\n                <div class='portfolio_description text_align_center' style=background-color:#f9f9f9;'>\n\n        \n    <h5 itemprop=\"name\" class=\"portfolio_title entry_title\"><a itemprop=\"url\" href=\"https:\/\/www.epsicu.com\/en\/portfolio_page\/urbanization-cami-les-bases\/\"  target=\"_self\"> Urbanization Cam\u00ed les Bases at Jes\u00fas Pobre &#8211; D\u00e9nia (Alicante)<\/a><\/h5>\n\n\n        \n        \n    <\/div>\n        \n<\/article>\n<article class='mix portfolio_category_148 default' style=''>\n    \n    \n    \n                <div class='image_holder'>\n                <a itemprop='url' class='portfolio_link_for_touch' href='https:\/\/www.epsicu.com\/en\/portfolio_page\/rehabilitation-bridge-la-sella\/' target=''>\n                    \n<span class='image'><img width=\"800\" height=\"600\" src=\"https:\/\/www.epsicu.com\/wp-content\/uploads\/2019\/12\/13-6-800x600.jpg\" class=\"attachment-portfolio-landscape size-portfolio-landscape wp-post-image\" alt=\"\" loading=\"lazy\" srcset=\"https:\/\/www.epsicu.com\/wp-content\/uploads\/2019\/12\/13-6-800x600.jpg 800w, https:\/\/www.epsicu.com\/wp-content\/uploads\/2019\/12\/13-6-600x450.jpg 600w, https:\/\/www.epsicu.com\/wp-content\/uploads\/2019\/12\/13-6-300x225.jpg 300w, https:\/\/www.epsicu.com\/wp-content\/uploads\/2019\/12\/13-6-768x576.jpg 768w, https:\/\/www.epsicu.com\/wp-content\/uploads\/2019\/12\/13-6-1024x768.jpg 1024w, https:\/\/www.epsicu.com\/wp-content\/uploads\/2019\/12\/13-6-700x525.jpg 700w, https:\/\/www.epsicu.com\/wp-content\/uploads\/2019\/12\/13-6.jpg 2048w\" sizes=\"(max-width: 800px) 100vw, 800px\" \/><\/span>                <\/a>\n\n                <span class='text_holder'>\n    <span class='text_outer'>\n        <span class='text_inner'>\n            <span class='feature_holder'>\n                            <span class=\"feature_holder_icons\">';\n                            <a itemprop='image' class='lightbox qbutton small white' title='Rehabilitation of Bridge La Sella at La Xara &#8211; D\u00e9nia (Alicante)' href='https:\/\/www.epsicu.com\/wp-content\/uploads\/2019\/12\/13-6.jpg' data-rel='prettyPhoto[pretty_photo_gallery]'>zoom<\/a>\n    \n                            <a itemprop='url' class='preview qbutton small white' href='https:\/\/www.epsicu.com\/en\/portfolio_page\/rehabilitation-bridge-la-sella\/' target='_self'>view<\/i><\/a>\n    \n                                            <\/span>\n        <\/span>\n    <\/span>\n<\/span>            <\/div>\n                <div class='portfolio_description text_align_center' style=background-color:#f9f9f9;'>\n\n        \n    <h5 itemprop=\"name\" class=\"portfolio_title entry_title\"><a itemprop=\"url\" href=\"https:\/\/www.epsicu.com\/en\/portfolio_page\/rehabilitation-bridge-la-sella\/\"  target=\"_self\"> Rehabilitation of Bridge La Sella at La Xara &#8211; D\u00e9nia (Alicante)<\/a><\/h5>\n\n\n        \n        \n    <\/div>\n        \n<\/article>\n<article class='mix portfolio_category_148 default' style=''>\n    \n    \n    \n                <div class='image_holder'>\n                <a itemprop='url' class='portfolio_link_for_touch' href='https:\/\/www.epsicu.com\/en\/portfolio_page\/urbanization-pou\/' target=''>\n                    \n<span class='image'><img width=\"800\" height=\"600\" src=\"https:\/\/www.epsicu.com\/wp-content\/uploads\/2019\/12\/2-13-800x600.jpg\" class=\"attachment-portfolio-landscape size-portfolio-landscape wp-post-image\" alt=\"\" loading=\"lazy\" srcset=\"https:\/\/www.epsicu.com\/wp-content\/uploads\/2019\/12\/2-13-800x600.jpg 800w, https:\/\/www.epsicu.com\/wp-content\/uploads\/2019\/12\/2-13-600x450.jpg 600w, https:\/\/www.epsicu.com\/wp-content\/uploads\/2019\/12\/2-13-300x225.jpg 300w, https:\/\/www.epsicu.com\/wp-content\/uploads\/2019\/12\/2-13-768x576.jpg 768w, https:\/\/www.epsicu.com\/wp-content\/uploads\/2019\/12\/2-13-1024x768.jpg 1024w, https:\/\/www.epsicu.com\/wp-content\/uploads\/2019\/12\/2-13-700x525.jpg 700w, https:\/\/www.epsicu.com\/wp-content\/uploads\/2019\/12\/2-13.jpg 1600w\" sizes=\"(max-width: 800px) 100vw, 800px\" \/><\/span>                <\/a>\n\n                <span class='text_holder'>\n    <span class='text_outer'>\n        <span class='text_inner'>\n            <span class='feature_holder'>\n                            <span class=\"feature_holder_icons\">';\n                            <a itemprop='image' class='lightbox qbutton small white' title='Urbanization St Pou at Pamis (Alicante)' href='https:\/\/www.epsicu.com\/wp-content\/uploads\/2019\/12\/2-13.jpg' data-rel='prettyPhoto[pretty_photo_gallery]'>zoom<\/a>\n    \n                            <a itemprop='url' class='preview qbutton small white' href='https:\/\/www.epsicu.com\/en\/portfolio_page\/urbanization-pou\/' target='_self'>view<\/i><\/a>\n    \n                                            <\/span>\n        <\/span>\n    <\/span>\n<\/span>            <\/div>\n                <div class='portfolio_description text_align_center' style=background-color:#f9f9f9;'>\n\n        \n    <h5 itemprop=\"name\" class=\"portfolio_title entry_title\"><a itemprop=\"url\" href=\"https:\/\/www.epsicu.com\/en\/portfolio_page\/urbanization-pou\/\"  target=\"_self\"> Urbanization St Pou at Pamis (Alicante)<\/a><\/h5>\n\n\n        \n        \n    <\/div>\n        \n<\/article>\n<article class='mix portfolio_category_148 default' style=''>\n    \n    \n    \n                <div class='image_holder'>\n                <a itemprop='url' class='portfolio_link_for_touch' href='https:\/\/www.epsicu.com\/en\/portfolio_page\/urbanizacion-santa-ana-denia\/' target=''>\n                    \n<span class='image'><img width=\"800\" height=\"600\" src=\"https:\/\/www.epsicu.com\/wp-content\/uploads\/2019\/12\/8-7-800x600.jpg\" class=\"attachment-portfolio-landscape size-portfolio-landscape wp-post-image\" alt=\"\" loading=\"lazy\" srcset=\"https:\/\/www.epsicu.com\/wp-content\/uploads\/2019\/12\/8-7-800x600.jpg 800w, https:\/\/www.epsicu.com\/wp-content\/uploads\/2019\/12\/8-7-600x450.jpg 600w, https:\/\/www.epsicu.com\/wp-content\/uploads\/2019\/12\/8-7-300x225.jpg 300w, https:\/\/www.epsicu.com\/wp-content\/uploads\/2019\/12\/8-7-768x576.jpg 768w, https:\/\/www.epsicu.com\/wp-content\/uploads\/2019\/12\/8-7-1024x768.jpg 1024w, https:\/\/www.epsicu.com\/wp-content\/uploads\/2019\/12\/8-7-700x525.jpg 700w, https:\/\/www.epsicu.com\/wp-content\/uploads\/2019\/12\/8-7.jpg 1600w\" sizes=\"(max-width: 800px) 100vw, 800px\" \/><\/span>                <\/a>\n\n                <span class='text_holder'>\n    <span class='text_outer'>\n        <span class='text_inner'>\n            <span class='feature_holder'>\n                            <span class=\"feature_holder_icons\">';\n                            <a itemprop='image' class='lightbox qbutton small white' title='Urbanization Santa Ana at D\u00e9nia (Alicante)' href='https:\/\/www.epsicu.com\/wp-content\/uploads\/2019\/12\/8-7.jpg' data-rel='prettyPhoto[pretty_photo_gallery]'>zoom<\/a>\n    \n                            <a itemprop='url' class='preview qbutton small white' href='https:\/\/www.epsicu.com\/en\/portfolio_page\/urbanizacion-santa-ana-denia\/' target='_self'>view<\/i><\/a>\n    \n                                            <\/span>\n        <\/span>\n    <\/span>\n<\/span>            <\/div>\n                <div class='portfolio_description text_align_center' style=background-color:#f9f9f9;'>\n\n        \n    <h5 itemprop=\"name\" class=\"portfolio_title entry_title\"><a itemprop=\"url\" href=\"https:\/\/www.epsicu.com\/en\/portfolio_page\/urbanizacion-santa-ana-denia\/\"  target=\"_self\"> Urbanization Santa Ana at D\u00e9nia (Alicante)<\/a><\/h5>\n\n\n        \n        \n    <\/div>\n        \n<\/article>\n<article class='mix portfolio_category_148 default' style=''>\n    \n    \n    \n                <div class='image_holder'>\n                <a itemprop='url' class='portfolio_link_for_touch' href='https:\/\/www.epsicu.com\/en\/portfolio_page\/acceses-consolidation-cami-xaquera\/' target=''>\n                    \n<span class='image'><img width=\"800\" height=\"600\" src=\"https:\/\/www.epsicu.com\/wp-content\/uploads\/2019\/12\/5-8-800x600.jpg\" class=\"attachment-portfolio-landscape size-portfolio-landscape wp-post-image\" alt=\"\" loading=\"lazy\" srcset=\"https:\/\/www.epsicu.com\/wp-content\/uploads\/2019\/12\/5-8-800x600.jpg 800w, https:\/\/www.epsicu.com\/wp-content\/uploads\/2019\/12\/5-8-600x450.jpg 600w, https:\/\/www.epsicu.com\/wp-content\/uploads\/2019\/12\/5-8-300x225.jpg 300w, https:\/\/www.epsicu.com\/wp-content\/uploads\/2019\/12\/5-8-768x576.jpg 768w, https:\/\/www.epsicu.com\/wp-content\/uploads\/2019\/12\/5-8-1024x768.jpg 1024w, https:\/\/www.epsicu.com\/wp-content\/uploads\/2019\/12\/5-8-700x525.jpg 700w, https:\/\/www.epsicu.com\/wp-content\/uploads\/2019\/12\/5-8.jpg 1600w\" sizes=\"(max-width: 800px) 100vw, 800px\" \/><\/span>                <\/a>\n\n                <span class='text_holder'>\n    <span class='text_outer'>\n        <span class='text_inner'>\n            <span class='feature_holder'>\n                            <span class=\"feature_holder_icons\">';\n                            <a itemprop='image' class='lightbox qbutton small white' title='Accesses consolidation at Cam\u00ed Xaquera in Xal\u00f3 (Alicante)' href='https:\/\/www.epsicu.com\/wp-content\/uploads\/2019\/12\/5-8.jpg' data-rel='prettyPhoto[pretty_photo_gallery]'>zoom<\/a>\n    \n                            <a itemprop='url' class='preview qbutton small white' href='https:\/\/www.epsicu.com\/en\/portfolio_page\/acceses-consolidation-cami-xaquera\/' target='_self'>view<\/i><\/a>\n    \n                                            <\/span>\n        <\/span>\n    <\/span>\n<\/span>            <\/div>\n                <div class='portfolio_description text_align_center' style=background-color:#f9f9f9;'>\n\n        \n    <h5 itemprop=\"name\" class=\"portfolio_title entry_title\"><a itemprop=\"url\" href=\"https:\/\/www.epsicu.com\/en\/portfolio_page\/acceses-consolidation-cami-xaquera\/\"  target=\"_self\"> Accesses consolidation at Cam\u00ed Xaquera in Xal\u00f3 (Alicante)<\/a><\/h5>\n\n\n        \n        \n    <\/div>\n        \n<\/article>\n<article class='mix portfolio_category_148 default' style=''>\n    \n    \n    \n                <div class='image_holder'>\n                <a itemprop='url' class='portfolio_link_for_touch' href='https:\/\/www.epsicu.com\/en\/portfolio_page\/adapting-accesses-benarrosa\/' target=''>\n                    \n<span class='image'><img width=\"800\" height=\"600\" src=\"https:\/\/www.epsicu.com\/wp-content\/uploads\/2019\/12\/15-800x600.jpg\" class=\"attachment-portfolio-landscape size-portfolio-landscape wp-post-image\" alt=\"\" loading=\"lazy\" srcset=\"https:\/\/www.epsicu.com\/wp-content\/uploads\/2019\/12\/15-800x600.jpg 800w, https:\/\/www.epsicu.com\/wp-content\/uploads\/2019\/12\/15-600x450.jpg 600w, https:\/\/www.epsicu.com\/wp-content\/uploads\/2019\/12\/15-300x225.jpg 300w, https:\/\/www.epsicu.com\/wp-content\/uploads\/2019\/12\/15-768x576.jpg 768w, https:\/\/www.epsicu.com\/wp-content\/uploads\/2019\/12\/15-1024x768.jpg 1024w, https:\/\/www.epsicu.com\/wp-content\/uploads\/2019\/12\/15-700x525.jpg 700w, https:\/\/www.epsicu.com\/wp-content\/uploads\/2019\/12\/15.jpg 1600w\" sizes=\"(max-width: 800px) 100vw, 800px\" \/><\/span>                <\/a>\n\n                <span class='text_holder'>\n    <span class='text_outer'>\n        <span class='text_inner'>\n            <span class='feature_holder'>\n                            <span class=\"feature_holder_icons\">';\n                            <a itemprop='image' class='lightbox qbutton small white' title='Adapting accesses to PP Benarrosa at CV-720 kp 41,915 at Alcalal\u00ed (Alicante)' href='https:\/\/www.epsicu.com\/wp-content\/uploads\/2019\/12\/15.jpg' data-rel='prettyPhoto[pretty_photo_gallery]'>zoom<\/a>\n    \n                            <a itemprop='url' class='preview qbutton small white' href='https:\/\/www.epsicu.com\/en\/portfolio_page\/adapting-accesses-benarrosa\/' target='_self'>view<\/i><\/a>\n    \n                                            <\/span>\n        <\/span>\n    <\/span>\n<\/span>            <\/div>\n                <div class='portfolio_description text_align_center' style=background-color:#f9f9f9;'>\n\n        \n    <h5 itemprop=\"name\" class=\"portfolio_title entry_title\"><a itemprop=\"url\" href=\"https:\/\/www.epsicu.com\/en\/portfolio_page\/adapting-accesses-benarrosa\/\"  target=\"_self\"> Adapting accesses to PP Benarrosa at CV-720 kp 41,915 at Alcalal\u00ed (Alicante)<\/a><\/h5>\n\n\n        \n        \n    <\/div>\n        \n<\/article>\n<article class='mix portfolio_category_148 default' style=''>\n    \n    \n    \n                <div class='image_holder'>\n                <a itemprop='url' class='portfolio_link_for_touch' href='https:\/\/www.epsicu.com\/en\/portfolio_page\/parking-construction-detached-house\/' target=''>\n                    \n<span class='image'><img width=\"800\" height=\"600\" src=\"https:\/\/www.epsicu.com\/wp-content\/uploads\/2019\/12\/6-3-800x600.jpg\" class=\"attachment-portfolio-landscape size-portfolio-landscape wp-post-image\" alt=\"\" loading=\"lazy\" srcset=\"https:\/\/www.epsicu.com\/wp-content\/uploads\/2019\/12\/6-3-800x600.jpg 800w, https:\/\/www.epsicu.com\/wp-content\/uploads\/2019\/12\/6-3-600x450.jpg 600w, https:\/\/www.epsicu.com\/wp-content\/uploads\/2019\/12\/6-3-300x225.jpg 300w, https:\/\/www.epsicu.com\/wp-content\/uploads\/2019\/12\/6-3-768x576.jpg 768w, https:\/\/www.epsicu.com\/wp-content\/uploads\/2019\/12\/6-3.jpg 1024w, https:\/\/www.epsicu.com\/wp-content\/uploads\/2019\/12\/6-3-700x525.jpg 700w\" sizes=\"(max-width: 800px) 100vw, 800px\" \/><\/span>                <\/a>\n\n                <span class='text_holder'>\n    <span class='text_outer'>\n        <span class='text_inner'>\n            <span class='feature_holder'>\n                            <span class=\"feature_holder_icons\">';\n                            <a itemprop='image' class='lightbox qbutton small white' title='Parking construction for detached house at D\u00e9nia (Alicante)' href='https:\/\/www.epsicu.com\/wp-content\/uploads\/2019\/12\/6-3.jpg' data-rel='prettyPhoto[pretty_photo_gallery]'>zoom<\/a>\n    \n                            <a itemprop='url' class='preview qbutton small white' href='https:\/\/www.epsicu.com\/en\/portfolio_page\/parking-construction-detached-house\/' target='_self'>view<\/i><\/a>\n    \n                                            <\/span>\n        <\/span>\n    <\/span>\n<\/span>            <\/div>\n                <div class='portfolio_description text_align_center' style=background-color:#f9f9f9;'>\n\n        \n    <h5 itemprop=\"name\" class=\"portfolio_title entry_title\"><a itemprop=\"url\" href=\"https:\/\/www.epsicu.com\/en\/portfolio_page\/parking-construction-detached-house\/\"  target=\"_self\"> Parking construction for detached house at D\u00e9nia (Alicante)<\/a><\/h5>\n\n\n        \n        \n    <\/div>\n        \n<\/article>\n<article class='mix portfolio_category_148 default' style=''>\n    \n    \n    \n                <div class='image_holder'>\n                <a itemprop='url' class='portfolio_link_for_touch' href='https:\/\/www.epsicu.com\/en\/portfolio_page\/bresquiller-denia\/' target=''>\n                    \n<span class='image'><img width=\"800\" height=\"600\" src=\"https:\/\/www.epsicu.com\/wp-content\/uploads\/2019\/12\/10-800x600.jpg\" class=\"attachment-portfolio-landscape size-portfolio-landscape wp-post-image\" alt=\"\" loading=\"lazy\" srcset=\"https:\/\/www.epsicu.com\/wp-content\/uploads\/2019\/12\/10-800x600.jpg 800w, https:\/\/www.epsicu.com\/wp-content\/uploads\/2019\/12\/10-600x450.jpg 600w, https:\/\/www.epsicu.com\/wp-content\/uploads\/2019\/12\/10-300x225.jpg 300w, https:\/\/www.epsicu.com\/wp-content\/uploads\/2019\/12\/10-768x576.jpg 768w, https:\/\/www.epsicu.com\/wp-content\/uploads\/2019\/12\/10.jpg 1024w, https:\/\/www.epsicu.com\/wp-content\/uploads\/2019\/12\/10-700x525.jpg 700w\" sizes=\"(max-width: 800px) 100vw, 800px\" \/><\/span>                <\/a>\n\n                <span class='text_holder'>\n    <span class='text_outer'>\n        <span class='text_inner'>\n            <span class='feature_holder'>\n                            <span class=\"feature_holder_icons\">';\n                            <a itemprop='image' class='lightbox qbutton small white' title='Urbanization of St Bresquiller at D\u00e9nia (Alicante)' href='https:\/\/www.epsicu.com\/wp-content\/uploads\/2019\/12\/10.jpg' data-rel='prettyPhoto[pretty_photo_gallery]'>zoom<\/a>\n    \n                            <a itemprop='url' class='preview qbutton small white' href='https:\/\/www.epsicu.com\/en\/portfolio_page\/bresquiller-denia\/' target='_self'>view<\/i><\/a>\n    \n                                            <\/span>\n        <\/span>\n    <\/span>\n<\/span>            <\/div>\n                <div class='portfolio_description text_align_center' style=background-color:#f9f9f9;'>\n\n        \n    <h5 itemprop=\"name\" class=\"portfolio_title entry_title\"><a itemprop=\"url\" href=\"https:\/\/www.epsicu.com\/en\/portfolio_page\/bresquiller-denia\/\"  target=\"_self\"> Urbanization of St Bresquiller at D\u00e9nia (Alicante)<\/a><\/h5>\n\n\n        \n        \n    <\/div>\n        \n<\/article>\n<article class='mix portfolio_category_148 default' style=''>\n    \n    \n    \n                <div class='image_holder'>\n                <a itemprop='url' class='portfolio_link_for_touch' href='https:\/\/www.epsicu.com\/en\/portfolio_page\/sports-fields-tarbena\/' target=''>\n                    \n<span class='image'><img width=\"800\" height=\"600\" src=\"https:\/\/www.epsicu.com\/wp-content\/uploads\/2019\/12\/5-1-800x600.jpg\" class=\"attachment-portfolio-landscape size-portfolio-landscape wp-post-image\" alt=\"\" loading=\"lazy\" srcset=\"https:\/\/www.epsicu.com\/wp-content\/uploads\/2019\/12\/5-1-800x600.jpg 800w, https:\/\/www.epsicu.com\/wp-content\/uploads\/2019\/12\/5-1-600x450.jpg 600w, https:\/\/www.epsicu.com\/wp-content\/uploads\/2019\/12\/5-1-300x225.jpg 300w, https:\/\/www.epsicu.com\/wp-content\/uploads\/2019\/12\/5-1-768x576.jpg 768w, https:\/\/www.epsicu.com\/wp-content\/uploads\/2019\/12\/5-1.jpg 1024w, https:\/\/www.epsicu.com\/wp-content\/uploads\/2019\/12\/5-1-700x525.jpg 700w\" sizes=\"(max-width: 800px) 100vw, 800px\" \/><\/span>                <\/a>\n\n                <span class='text_holder'>\n    <span class='text_outer'>\n        <span class='text_inner'>\n            <span class='feature_holder'>\n                            <span class=\"feature_holder_icons\">';\n                            <a itemprop='image' class='lightbox qbutton small white' title='Construction of Sports Field in T\u00e1rbena (Alicante)' href='https:\/\/www.epsicu.com\/wp-content\/uploads\/2019\/12\/5-1.jpg' data-rel='prettyPhoto[pretty_photo_gallery]'>zoom<\/a>\n    \n                            <a itemprop='url' class='preview qbutton small white' href='https:\/\/www.epsicu.com\/en\/portfolio_page\/sports-fields-tarbena\/' target='_self'>view<\/i><\/a>\n    \n                                            <\/span>\n        <\/span>\n    <\/span>\n<\/span>            <\/div>\n                <div class='portfolio_description text_align_center' style=background-color:#f9f9f9;'>\n\n        \n    <h5 itemprop=\"name\" class=\"portfolio_title entry_title\"><a itemprop=\"url\" href=\"https:\/\/www.epsicu.com\/en\/portfolio_page\/sports-fields-tarbena\/\"  target=\"_self\"> Construction of Sports Field in T\u00e1rbena (Alicante)<\/a><\/h5>\n\n\n        \n        \n    <\/div>\n        \n<\/article>\n<article class='mix portfolio_category_148 default' style=''>\n    \n    \n    \n                <div class='image_holder'>\n                <a itemprop='url' class='portfolio_link_for_touch' href='https:\/\/www.epsicu.com\/en\/portfolio_page\/gladiol-denia\/' target=''>\n                    \n<span class='image'><img width=\"800\" height=\"600\" src=\"https:\/\/www.epsicu.com\/wp-content\/uploads\/2019\/12\/6-800x600.jpg\" class=\"attachment-portfolio-landscape size-portfolio-landscape wp-post-image\" alt=\"\" loading=\"lazy\" srcset=\"https:\/\/www.epsicu.com\/wp-content\/uploads\/2019\/12\/6-800x600.jpg 800w, https:\/\/www.epsicu.com\/wp-content\/uploads\/2019\/12\/6-600x450.jpg 600w, https:\/\/www.epsicu.com\/wp-content\/uploads\/2019\/12\/6-300x225.jpg 300w, https:\/\/www.epsicu.com\/wp-content\/uploads\/2019\/12\/6-768x576.jpg 768w, https:\/\/www.epsicu.com\/wp-content\/uploads\/2019\/12\/6.jpg 1024w, https:\/\/www.epsicu.com\/wp-content\/uploads\/2019\/12\/6-700x525.jpg 700w\" sizes=\"(max-width: 800px) 100vw, 800px\" \/><\/span>                <\/a>\n\n                <span class='text_holder'>\n    <span class='text_outer'>\n        <span class='text_inner'>\n            <span class='feature_holder'>\n                            <span class=\"feature_holder_icons\">';\n                            <a itemprop='image' class='lightbox qbutton small white' title='Urbanization of St Gladiol at Denia (Alicante)' href='https:\/\/www.epsicu.com\/wp-content\/uploads\/2019\/12\/6.jpg' data-rel='prettyPhoto[pretty_photo_gallery]'>zoom<\/a>\n    \n                            <a itemprop='url' class='preview qbutton small white' href='https:\/\/www.epsicu.com\/en\/portfolio_page\/gladiol-denia\/' target='_self'>view<\/i><\/a>\n    \n                                            <\/span>\n        <\/span>\n    <\/span>\n<\/span>            <\/div>\n                <div class='portfolio_description text_align_center' style=background-color:#f9f9f9;'>\n\n        \n    <h5 itemprop=\"name\" class=\"portfolio_title entry_title\"><a itemprop=\"url\" href=\"https:\/\/www.epsicu.com\/en\/portfolio_page\/gladiol-denia\/\"  target=\"_self\"> Urbanization of St Gladiol at Denia (Alicante)<\/a><\/h5>\n\n\n        \n        \n    <\/div>\n        \n<\/article>\n        <div class='filler'><\/div>\n            <div class='filler'><\/div>\n            <div class='filler'><\/div>\n        <\/div>\n\n    \n    <\/div>[\/vc_column][\/vc_row]<\/p>\n","protected":false},"excerpt":{"rendered":"<p>[vc_row css_animation=&#8221;&#8221; row_type=&#8221;row&#8221; use_row_as_full_screen_section=&#8221;no&#8221; type=&#8221;grid&#8221; angled_section=&#8221;no&#8221; text_align=&#8221;left&#8221; background_image_as_pattern=&#8221;without_pattern&#8221; padding_top=&#8221;60&#8243; padding_bottom=&#8221;35&#8243; css=&#8221;.vc_custom_1616243943325{padding-top: 25px !important;padding-bottom: 25px !important;}&#8221; z_index=&#8221;&#8221;][vc_column][vc_column_text] UNIQUE PROJECTS [\/vc_column_text][vc_empty_space][\/vc_column][\/vc_row][vc_row css_animation=&#8221;&#8221; row_type=&#8221;row&#8221; use_row_as_full_screen_section=&#8221;no&#8221; type=&#8221;grid&#8221; angled_section=&#8221;no&#8221; text_align=&#8221;left&#8221; background_image_as_pattern=&#8221;without_pattern&#8221; padding_top=&#8221;60&#8243; padding_bottom=&#8221;35&#8243;][vc_column css=&#8221;.vc_custom_1616243953260{padding-top: 25px !important;padding-bottom: 25px !important;}&#8221;][vc_column_text] BUILDING PROJECTS [\/vc_column_text][vc_empty_space][\/vc_column][\/vc_row][vc_row css_animation=&#8221;&#8221; row_type=&#8221;row&#8221; use_row_as_full_screen_section=&#8221;no&#8221; type=&#8221;grid&#8221; angled_section=&#8221;no&#8221; text_align=&#8221;left&#8221; background_image_as_pattern=&#8221;without_pattern&#8221; padding_top=&#8221;60&#8243; padding_bottom=&#8221;35&#8243;][vc_column&#8230;<\/p>\n","protected":false},"author":1,"featured_media":0,"parent":0,"menu_order":0,"comment_status":"open","ping_status":"open","template":"full_width.php","meta":[],"yoast_head":"<!-- This site is optimized with the Yoast SEO plugin v16.2 - https:\/\/yoast.com\/wordpress\/plugins\/seo\/ -->\n<title>Projects - EQ EPSICU<\/title>\n<meta name=\"robots\" content=\"index, follow, max-snippet:-1, max-image-preview:large, max-video-preview:-1\" \/>\n<link rel=\"canonical\" href=\"https:\/\/www.epsicu.com\/en\/projects\/\" \/>\n<meta property=\"og:locale\" content=\"en_US\" \/>\n<meta property=\"og:type\" content=\"article\" \/>\n<meta property=\"og:title\" content=\"Projects - EQ EPSICU\" \/>\n<meta property=\"og:description\" content=\"[vc_row css_animation=&#8221;&#8221; row_type=&#8221;row&#8221; use_row_as_full_screen_section=&#8221;no&#8221; type=&#8221;grid&#8221; angled_section=&#8221;no&#8221; text_align=&#8221;left&#8221; background_image_as_pattern=&#8221;without_pattern&#8221; padding_top=&#8221;60&#8243; padding_bottom=&#8221;35&#8243; css=&#8221;.vc_custom_1616243943325{padding-top: 25px !important;padding-bottom: 25px !important;}&#8221; z_index=&#8221;&#8221;][vc_column][vc_column_text] UNIQUE PROJECTS [\/vc_column_text][vc_empty_space][\/vc_column][\/vc_row][vc_row css_animation=&#8221;&#8221; row_type=&#8221;row&#8221; use_row_as_full_screen_section=&#8221;no&#8221; type=&#8221;grid&#8221; angled_section=&#8221;no&#8221; text_align=&#8221;left&#8221; background_image_as_pattern=&#8221;without_pattern&#8221; padding_top=&#8221;60&#8243; padding_bottom=&#8221;35&#8243;][vc_column css=&#8221;.vc_custom_1616243953260{padding-top: 25px !important;padding-bottom: 25px !important;}&#8221;][vc_column_text] BUILDING PROJECTS [\/vc_column_text][vc_empty_space][\/vc_column][\/vc_row][vc_row css_animation=&#8221;&#8221; row_type=&#8221;row&#8221; use_row_as_full_screen_section=&#8221;no&#8221; type=&#8221;grid&#8221; angled_section=&#8221;no&#8221; text_align=&#8221;left&#8221; background_image_as_pattern=&#8221;without_pattern&#8221; padding_top=&#8221;60&#8243; padding_bottom=&#8221;35&#8243;][vc_column...\" \/>\n<meta property=\"og:url\" content=\"https:\/\/www.epsicu.com\/en\/projects\/\" \/>\n<meta property=\"og:site_name\" content=\"EQ EPSICU\" \/>\n<meta property=\"article:modified_time\" content=\"2021-04-03T06:23:12+00:00\" \/>\n<meta name=\"twitter:card\" content=\"summary_large_image\" \/>\n<meta name=\"twitter:label1\" content=\"Est. reading time\">\n\t<meta name=\"twitter:data1\" content=\"1 minute\">\n<script type=\"application\/ld+json\" class=\"yoast-schema-graph\">{\"@context\":\"https:\/\/schema.org\",\"@graph\":[{\"@type\":\"WebSite\",\"@id\":\"https:\/\/www.epsicu.com\/#website\",\"url\":\"https:\/\/www.epsicu.com\/\",\"name\":\"EQ EPSICU\",\"description\":\"Ingenier\\u00eda Civil , Urbanismo y Construcci\\u00f3n\",\"potentialAction\":[{\"@type\":\"SearchAction\",\"target\":\"https:\/\/www.epsicu.com\/?s={search_term_string}\",\"query-input\":\"required name=search_term_string\"}],\"inLanguage\":\"en-US\"},{\"@type\":\"WebPage\",\"@id\":\"https:\/\/www.epsicu.com\/en\/projects\/#webpage\",\"url\":\"https:\/\/www.epsicu.com\/en\/projects\/\",\"name\":\"Projects - EQ EPSICU\",\"isPartOf\":{\"@id\":\"https:\/\/www.epsicu.com\/#website\"},\"datePublished\":\"2017-10-16T14:28:44+00:00\",\"dateModified\":\"2021-04-03T06:23:12+00:00\",\"breadcrumb\":{\"@id\":\"https:\/\/www.epsicu.com\/en\/projects\/#breadcrumb\"},\"inLanguage\":\"en-US\",\"potentialAction\":[{\"@type\":\"ReadAction\",\"target\":[\"https:\/\/www.epsicu.com\/en\/projects\/\"]}]},{\"@type\":\"BreadcrumbList\",\"@id\":\"https:\/\/www.epsicu.com\/en\/projects\/#breadcrumb\",\"itemListElement\":[{\"@type\":\"ListItem\",\"position\":1,\"item\":{\"@type\":\"WebPage\",\"@id\":\"https:\/\/www.epsicu.com\/en\/?page_id=17684\",\"url\":\"https:\/\/www.epsicu.com\/en\/?page_id=17684\",\"name\":\"Portada\"}},{\"@type\":\"ListItem\",\"position\":2,\"item\":{\"@id\":\"https:\/\/www.epsicu.com\/en\/projects\/#webpage\"}}]}]}<\/script>\n<!-- \/ Yoast SEO plugin. -->","_links":{"self":[{"href":"https:\/\/www.epsicu.com\/en\/wp-json\/wp\/v2\/pages\/16159"}],"collection":[{"href":"https:\/\/www.epsicu.com\/en\/wp-json\/wp\/v2\/pages"}],"about":[{"href":"https:\/\/www.epsicu.com\/en\/wp-json\/wp\/v2\/types\/page"}],"author":[{"embeddable":true,"href":"https:\/\/www.epsicu.com\/en\/wp-json\/wp\/v2\/users\/1"}],"replies":[{"embeddable":true,"href":"https:\/\/www.epsicu.com\/en\/wp-json\/wp\/v2\/comments?post=16159"}],"version-history":[{"count":26,"href":"https:\/\/www.epsicu.com\/en\/wp-json\/wp\/v2\/pages\/16159\/revisions"}],"predecessor-version":[{"id":16878,"href":"https:\/\/www.epsicu.com\/en\/wp-json\/wp\/v2\/pages\/16159\/revisions\/16878"}],"wp:attachment":[{"href":"https:\/\/www.epsicu.com\/en\/wp-json\/wp\/v2\/media?parent=16159"}],"curies":[{"name":"wp","href":"https:\/\/api.w.org\/{rel}","templated":true}]}}